{"id":10423,"date":"2021-06-30T16:50:40","date_gmt":"2021-06-30T16:50:40","guid":{"rendered":"https:\/\/urica.org\/?page_id=10423"},"modified":"2022-08-08T19:42:12","modified_gmt":"2022-08-08T19:42:12","slug":"conferences","status":"publish","type":"page","link":"https:\/\/urica.org\/index.php\/conferences\/","title":{"rendered":"CONFERENCES"},"content":{"rendered":"\t\t<div data-elementor-type=\"wp-page\" data-elementor-id=\"10423\" class=\"elementor elementor-10423\" data-elementor-settings=\"{&quot;ha_cmc_init_switcher&quot;:&quot;no&quot;}\">\n\t\t\t\t\t\t<section class=\"elementor-section elementor-top-section elementor-element elementor-element-e026864 elementor-section-full_width elementor-section-height-default elementor-section-height-default\" data-id=\"e026864\" data-element_type=\"section\" data-e-type=\"section\" data-settings=\"{&quot;background_background&quot;:&quot;classic&quot;,&quot;_ha_eqh_enable&quot;:false}\">\n\t\t\t\t\t\t<div class=\"elementor-container elementor-column-gap-default\">\n\t\t\t\t\t<div class=\"elementor-column elementor-col-100 elementor-top-column elementor-element elementor-element-1fee50d\" data-id=\"1fee50d\" data-element_type=\"column\" data-e-type=\"column\">\n\t\t\t<div class=\"elementor-widget-wrap elementor-element-populated\">\n\t\t\t\t\t\t<div class=\"elementor-element elementor-element-4043b57 elementor-grid-2 elementor-grid-tablet-2 elementor-grid-mobile-1 elementor-posts--thumbnail-top elementor-card-shadow-yes elementor-posts__hover-gradient elementor-widget elementor-widget-posts\" data-id=\"4043b57\" data-element_type=\"widget\" data-e-type=\"widget\" data-settings=\"{&quot;cards_columns&quot;:&quot;2&quot;,&quot;pagination_type&quot;:&quot;prev_next&quot;,&quot;cards_columns_tablet&quot;:&quot;2&quot;,&quot;cards_columns_mobile&quot;:&quot;1&quot;,&quot;cards_row_gap&quot;:{&quot;unit&quot;:&quot;px&quot;,&quot;size&quot;:35,&quot;sizes&quot;:[]},&quot;cards_row_gap_tablet&quot;:{&quot;unit&quot;:&quot;px&quot;,&quot;size&quot;:&quot;&quot;,&quot;sizes&quot;:[]},&quot;cards_row_gap_mobile&quot;:{&quot;unit&quot;:&quot;px&quot;,&quot;size&quot;:&quot;&quot;,&quot;sizes&quot;:[]}}\" data-widget_type=\"posts.cards\">\n\t\t\t\t<div class=\"elementor-widget-container\">\n\t\t\t\t\t\t\t<div class=\"elementor-posts-container elementor-posts elementor-posts--skin-cards elementor-grid\">\n\t\t\t\t<article class=\"elementor-post elementor-grid-item post-10760 post type-post status-publish format-standard has-post-thumbnail hentry category-conference-urica category-conferences\">\n\t\t\t<div class=\"elementor-post__card\">\n\t\t\t\t<a class=\"elementor-post__thumbnail__link\" href=\"https:\/\/urica.org\/index.php\/2025\/07\/10\/imagination-historique-et-projections-sur-lavenir-mobilite-et-tourisme-noir-a-dakar-senegal\/\" target=\"_blank\"><div class=\"elementor-post__thumbnail\"><img fetchpriority=\"high\" decoding=\"async\" width=\"1587\" height=\"2245\" src=\"https:\/\/i0.wp.com\/urica.org\/wp-content\/uploads\/2025\/07\/bresil_1.jpg?fit=1587%2C2245&amp;ssl=1\" class=\"attachment-full size-full wp-image-10761\" alt=\"\" srcset=\"https:\/\/i0.wp.com\/urica.org\/wp-content\/uploads\/2025\/07\/bresil_1.jpg?w=1587&amp;ssl=1 1587w, https:\/\/i0.wp.com\/urica.org\/wp-content\/uploads\/2025\/07\/bresil_1.jpg?resize=212%2C300&amp;ssl=1 212w, https:\/\/i0.wp.com\/urica.org\/wp-content\/uploads\/2025\/07\/bresil_1.jpg?resize=724%2C1024&amp;ssl=1 724w, https:\/\/i0.wp.com\/urica.org\/wp-content\/uploads\/2025\/07\/bresil_1.jpg?resize=768%2C1086&amp;ssl=1 768w, https:\/\/i0.wp.com\/urica.org\/wp-content\/uploads\/2025\/07\/bresil_1.jpg?resize=1086%2C1536&amp;ssl=1 1086w, https:\/\/i0.wp.com\/urica.org\/wp-content\/uploads\/2025\/07\/bresil_1.jpg?resize=1448%2C2048&amp;ssl=1 1448w\" sizes=\"(max-width: 1000px) 100vw, 1000px\" \/><\/div><\/a>\n\t\t\t\t<div class=\"elementor-post__text\">\n\t\t\t\t<h3 class=\"elementor-post__title\">\n\t\t\t<a href=\"https:\/\/urica.org\/index.php\/2025\/07\/10\/imagination-historique-et-projections-sur-lavenir-mobilite-et-tourisme-noir-a-dakar-senegal\/\" target=&quot;_blank&quot;>\n\t\t\t\tImagination historique et projections sur l\u2019avenir : mobilit\u00e9 et tourisme noir \u00e0 Dakar, S\u00e9n\u00e9gal\t\t\t<\/a>\n\t\t<\/h3>\n\t\t\t\t<div class=\"elementor-post__excerpt\">\n\t\t\t<p>L\u2019Unit\u00e9 de Recherche<\/p>\n\t\t<\/div>\n\t\t\n\t\t<a class=\"elementor-post__read-more\" href=\"https:\/\/urica.org\/index.php\/2025\/07\/10\/imagination-historique-et-projections-sur-lavenir-mobilite-et-tourisme-noir-a-dakar-senegal\/\" aria-label=\"Read more about Imagination historique et projections sur l\u2019avenir : mobilit\u00e9 et tourisme noir \u00e0 Dakar, S\u00e9n\u00e9gal\" target=\"_blank\">\n\t\t\tVoir +\t\t<\/a>\n\n\t\t\t\t<\/div>\n\t\t\t\t<div class=\"elementor-post__meta-data\">\n\t\t\t\t\t<span class=\"elementor-post-date\">\n\t\t\tjuillet 10, 2025\t\t<\/span>\n\t\t\t\t<span class=\"elementor-post-avatar\">\n\t\t\tAucun commentaire\t\t<\/span>\n\t\t\t\t<\/div>\n\t\t\t\t\t<\/div>\n\t\t<\/article>\n\t\t\t\t<article class=\"elementor-post elementor-grid-item post-10757 post type-post status-publish format-standard has-post-thumbnail hentry category-conference-urica category-conferences\">\n\t\t\t<div class=\"elementor-post__card\">\n\t\t\t\t<a class=\"elementor-post__thumbnail__link\" href=\"https:\/\/urica.org\/index.php\/2025\/07\/09\/representer-les-memoires-traumatiques-par-la-co-creation-narration-ethique-et-engagement-communautaire-dans-all-equal-et-usawa\/\" target=\"_blank\"><div class=\"elementor-post__thumbnail\"><img decoding=\"async\" width=\"1587\" height=\"2245\" src=\"https:\/\/i0.wp.com\/urica.org\/wp-content\/uploads\/2025\/07\/bresil.jpg?fit=1587%2C2245&amp;ssl=1\" class=\"attachment-full size-full wp-image-10758\" alt=\"\" srcset=\"https:\/\/i0.wp.com\/urica.org\/wp-content\/uploads\/2025\/07\/bresil.jpg?w=1587&amp;ssl=1 1587w, https:\/\/i0.wp.com\/urica.org\/wp-content\/uploads\/2025\/07\/bresil.jpg?resize=212%2C300&amp;ssl=1 212w, https:\/\/i0.wp.com\/urica.org\/wp-content\/uploads\/2025\/07\/bresil.jpg?resize=724%2C1024&amp;ssl=1 724w, https:\/\/i0.wp.com\/urica.org\/wp-content\/uploads\/2025\/07\/bresil.jpg?resize=768%2C1086&amp;ssl=1 768w, https:\/\/i0.wp.com\/urica.org\/wp-content\/uploads\/2025\/07\/bresil.jpg?resize=1086%2C1536&amp;ssl=1 1086w, https:\/\/i0.wp.com\/urica.org\/wp-content\/uploads\/2025\/07\/bresil.jpg?resize=1448%2C2048&amp;ssl=1 1448w\" sizes=\"(max-width: 1000px) 100vw, 1000px\" \/><\/div><\/a>\n\t\t\t\t<div class=\"elementor-post__text\">\n\t\t\t\t<h3 class=\"elementor-post__title\">\n\t\t\t<a href=\"https:\/\/urica.org\/index.php\/2025\/07\/09\/representer-les-memoires-traumatiques-par-la-co-creation-narration-ethique-et-engagement-communautaire-dans-all-equal-et-usawa\/\" target=&quot;_blank&quot;>\n\t\t\t\tRepr\u00e9senter les m\u00e9moires traumatiques par la co-cr\u00e9ation : narration \u00e9thique et engagement communautaire dans All Equal ! et USAWA\t\t\t<\/a>\n\t\t<\/h3>\n\t\t\t\t<div class=\"elementor-post__excerpt\">\n\t\t\t<p>L\u2019histoire publique num\u00e9rique<\/p>\n\t\t<\/div>\n\t\t\n\t\t<a class=\"elementor-post__read-more\" href=\"https:\/\/urica.org\/index.php\/2025\/07\/09\/representer-les-memoires-traumatiques-par-la-co-creation-narration-ethique-et-engagement-communautaire-dans-all-equal-et-usawa\/\" aria-label=\"Read more about Repr\u00e9senter les m\u00e9moires traumatiques par la co-cr\u00e9ation : narration \u00e9thique et engagement communautaire dans All Equal ! et USAWA\" target=\"_blank\">\n\t\t\tVoir +\t\t<\/a>\n\n\t\t\t\t<\/div>\n\t\t\t\t<div class=\"elementor-post__meta-data\">\n\t\t\t\t\t<span class=\"elementor-post-date\">\n\t\t\tjuillet 9, 2025\t\t<\/span>\n\t\t\t\t<span class=\"elementor-post-avatar\">\n\t\t\tAucun commentaire\t\t<\/span>\n\t\t\t\t<\/div>\n\t\t\t\t\t<\/div>\n\t\t<\/article>\n\t\t\t\t<article class=\"elementor-post elementor-grid-item post-10731 post type-post status-publish format-standard has-post-thumbnail hentry category-conference-urica category-conferences category-rencontres\">\n\t\t\t<div class=\"elementor-post__card\">\n\t\t\t\t<a class=\"elementor-post__thumbnail__link\" href=\"https:\/\/urica.org\/index.php\/2024\/11\/26\/larcheologie-de-la-perception\/\" target=\"_blank\"><div class=\"elementor-post__thumbnail\"><img decoding=\"async\" width=\"544\" height=\"435\" src=\"https:\/\/i0.wp.com\/urica.org\/wp-content\/uploads\/2024\/11\/xscape.jpg?fit=544%2C435&amp;ssl=1\" class=\"attachment-full size-full wp-image-10732\" alt=\"\" srcset=\"https:\/\/i0.wp.com\/urica.org\/wp-content\/uploads\/2024\/11\/xscape.jpg?w=544&amp;ssl=1 544w, https:\/\/i0.wp.com\/urica.org\/wp-content\/uploads\/2024\/11\/xscape.jpg?resize=300%2C240&amp;ssl=1 300w\" sizes=\"(max-width: 544px) 100vw, 544px\" \/><\/div><\/a>\n\t\t\t\t<div class=\"elementor-post__text\">\n\t\t\t\t<h3 class=\"elementor-post__title\">\n\t\t\t<a href=\"https:\/\/urica.org\/index.php\/2024\/11\/26\/larcheologie-de-la-perception\/\" target=&quot;_blank&quot;>\n\t\t\t\tL&rsquo;ARCHEOLOGIE DE LA PERCEPTION\t\t\t<\/a>\n\t\t<\/h3>\n\t\t\t\t<div class=\"elementor-post__excerpt\">\n\t\t\t<p>L&rsquo;Ambassade d&rsquo;Espagne au<\/p>\n\t\t<\/div>\n\t\t\n\t\t<a class=\"elementor-post__read-more\" href=\"https:\/\/urica.org\/index.php\/2024\/11\/26\/larcheologie-de-la-perception\/\" aria-label=\"Read more about L&rsquo;ARCHEOLOGIE DE LA PERCEPTION\" target=\"_blank\">\n\t\t\tVoir +\t\t<\/a>\n\n\t\t\t\t<\/div>\n\t\t\t\t<div class=\"elementor-post__meta-data\">\n\t\t\t\t\t<span class=\"elementor-post-date\">\n\t\t\tnovembre 26, 2024\t\t<\/span>\n\t\t\t\t<span class=\"elementor-post-avatar\">\n\t\t\tAucun commentaire\t\t<\/span>\n\t\t\t\t<\/div>\n\t\t\t\t\t<\/div>\n\t\t<\/article>\n\t\t\t\t<article class=\"elementor-post elementor-grid-item post-10720 post type-post status-publish format-standard has-post-thumbnail hentry category-conference-urica category-conferences category-rencontres\">\n\t\t\t<div class=\"elementor-post__card\">\n\t\t\t\t<a class=\"elementor-post__thumbnail__link\" href=\"https:\/\/urica.org\/index.php\/2024\/10\/31\/re-decoloniser-lafrique\/\" target=\"_blank\"><div class=\"elementor-post__thumbnail\"><img loading=\"lazy\" decoding=\"async\" width=\"1920\" height=\"2560\" src=\"https:\/\/i0.wp.com\/urica.org\/wp-content\/uploads\/2024\/10\/Dr-Hady-Ba--scaled.jpg?fit=1920%2C2560&amp;ssl=1\" class=\"attachment-full size-full wp-image-10721\" alt=\"\" srcset=\"https:\/\/i0.wp.com\/urica.org\/wp-content\/uploads\/2024\/10\/Dr-Hady-Ba--scaled.jpg?w=1920&amp;ssl=1 1920w, https:\/\/i0.wp.com\/urica.org\/wp-content\/uploads\/2024\/10\/Dr-Hady-Ba--scaled.jpg?resize=225%2C300&amp;ssl=1 225w, https:\/\/i0.wp.com\/urica.org\/wp-content\/uploads\/2024\/10\/Dr-Hady-Ba--scaled.jpg?resize=768%2C1024&amp;ssl=1 768w, https:\/\/i0.wp.com\/urica.org\/wp-content\/uploads\/2024\/10\/Dr-Hady-Ba--scaled.jpg?resize=1152%2C1536&amp;ssl=1 1152w, https:\/\/i0.wp.com\/urica.org\/wp-content\/uploads\/2024\/10\/Dr-Hady-Ba--scaled.jpg?resize=1536%2C2048&amp;ssl=1 1536w\" sizes=\"(max-width: 1000px) 100vw, 1000px\" \/><\/div><\/a>\n\t\t\t\t<div class=\"elementor-post__text\">\n\t\t\t\t<h3 class=\"elementor-post__title\">\n\t\t\t<a href=\"https:\/\/urica.org\/index.php\/2024\/10\/31\/re-decoloniser-lafrique\/\" target=&quot;_blank&quot;>\n\t\t\t\t\u00a0Re-d\u00e9coloniser l\u2019Afrique\t\t\t<\/a>\n\t\t<\/h3>\n\t\t\t\t<div class=\"elementor-post__excerpt\">\n\t\t\t<p>Nous avons le<\/p>\n\t\t<\/div>\n\t\t\n\t\t<a class=\"elementor-post__read-more\" href=\"https:\/\/urica.org\/index.php\/2024\/10\/31\/re-decoloniser-lafrique\/\" aria-label=\"Read more about \u00a0Re-d\u00e9coloniser l\u2019Afrique\" target=\"_blank\">\n\t\t\tVoir +\t\t<\/a>\n\n\t\t\t\t<\/div>\n\t\t\t\t<div class=\"elementor-post__meta-data\">\n\t\t\t\t\t<span class=\"elementor-post-date\">\n\t\t\toctobre 31, 2024\t\t<\/span>\n\t\t\t\t<span class=\"elementor-post-avatar\">\n\t\t\tAucun commentaire\t\t<\/span>\n\t\t\t\t<\/div>\n\t\t\t\t\t<\/div>\n\t\t<\/article>\n\t\t\t\t<article class=\"elementor-post elementor-grid-item post-10716 post type-post status-publish format-standard has-post-thumbnail hentry category-conference-urica category-conferences category-rencontres\">\n\t\t\t<div class=\"elementor-post__card\">\n\t\t\t\t<a class=\"elementor-post__thumbnail__link\" href=\"https:\/\/urica.org\/index.php\/2024\/08\/03\/broken-genealogy-la-tradition-panafricaine-des-etudes-africaines\/\" target=\"_blank\"><div class=\"elementor-post__thumbnail\"><img loading=\"lazy\" decoding=\"async\" width=\"1809\" height=\"2560\" src=\"https:\/\/i0.wp.com\/urica.org\/wp-content\/uploads\/2024\/08\/Florian-Bobin1111-scaled.jpg?fit=1809%2C2560&amp;ssl=1\" class=\"attachment-full size-full wp-image-10717\" alt=\"\" srcset=\"https:\/\/i0.wp.com\/urica.org\/wp-content\/uploads\/2024\/08\/Florian-Bobin1111-scaled.jpg?w=1809&amp;ssl=1 1809w, https:\/\/i0.wp.com\/urica.org\/wp-content\/uploads\/2024\/08\/Florian-Bobin1111-scaled.jpg?resize=212%2C300&amp;ssl=1 212w, https:\/\/i0.wp.com\/urica.org\/wp-content\/uploads\/2024\/08\/Florian-Bobin1111-scaled.jpg?resize=724%2C1024&amp;ssl=1 724w, https:\/\/i0.wp.com\/urica.org\/wp-content\/uploads\/2024\/08\/Florian-Bobin1111-scaled.jpg?resize=768%2C1087&amp;ssl=1 768w, https:\/\/i0.wp.com\/urica.org\/wp-content\/uploads\/2024\/08\/Florian-Bobin1111-scaled.jpg?resize=1086%2C1536&amp;ssl=1 1086w, https:\/\/i0.wp.com\/urica.org\/wp-content\/uploads\/2024\/08\/Florian-Bobin1111-scaled.jpg?resize=1447%2C2048&amp;ssl=1 1447w\" sizes=\"(max-width: 1000px) 100vw, 1000px\" \/><\/div><\/a>\n\t\t\t\t<div class=\"elementor-post__text\">\n\t\t\t\t<h3 class=\"elementor-post__title\">\n\t\t\t<a href=\"https:\/\/urica.org\/index.php\/2024\/08\/03\/broken-genealogy-la-tradition-panafricaine-des-etudes-africaines\/\" target=&quot;_blank&quot;>\n\t\t\t\t\u00ab \u2018Broken Genealogy ?\u2019 : La tradition panafricaine des \u00e9tudes africaines \u00bb\t\t\t<\/a>\n\t\t<\/h3>\n\t\t\t\t<div class=\"elementor-post__excerpt\">\n\t\t\t<p>Les \u00e9tudes africaines<\/p>\n\t\t<\/div>\n\t\t\n\t\t<a class=\"elementor-post__read-more\" href=\"https:\/\/urica.org\/index.php\/2024\/08\/03\/broken-genealogy-la-tradition-panafricaine-des-etudes-africaines\/\" aria-label=\"Read more about \u00ab \u2018Broken Genealogy ?\u2019 : La tradition panafricaine des \u00e9tudes africaines \u00bb\" target=\"_blank\">\n\t\t\tVoir +\t\t<\/a>\n\n\t\t\t\t<\/div>\n\t\t\t\t<div class=\"elementor-post__meta-data\">\n\t\t\t\t\t<span class=\"elementor-post-date\">\n\t\t\tao\u00fbt 3, 2024\t\t<\/span>\n\t\t\t\t<span class=\"elementor-post-avatar\">\n\t\t\tAucun commentaire\t\t<\/span>\n\t\t\t\t<\/div>\n\t\t\t\t\t<\/div>\n\t\t<\/article>\n\t\t\t\t<article class=\"elementor-post elementor-grid-item post-10707 post type-post status-publish format-standard has-post-thumbnail hentry category-conference-urica category-conferences\">\n\t\t\t<div class=\"elementor-post__card\">\n\t\t\t\t<a class=\"elementor-post__thumbnail__link\" href=\"https:\/\/urica.org\/index.php\/2024\/05\/29\/cette-si-longue-quete-vie-et-mort-domar-blondin-diop\/\" target=\"_blank\"><div class=\"elementor-post__thumbnail\"><img loading=\"lazy\" decoding=\"async\" width=\"1920\" height=\"2560\" src=\"https:\/\/i0.wp.com\/urica.org\/wp-content\/uploads\/2024\/05\/Florian-Bobin-scaled.jpg?fit=1920%2C2560&amp;ssl=1\" class=\"attachment-full size-full wp-image-10708\" alt=\"\" srcset=\"https:\/\/i0.wp.com\/urica.org\/wp-content\/uploads\/2024\/05\/Florian-Bobin-scaled.jpg?w=1920&amp;ssl=1 1920w, https:\/\/i0.wp.com\/urica.org\/wp-content\/uploads\/2024\/05\/Florian-Bobin-scaled.jpg?resize=225%2C300&amp;ssl=1 225w, https:\/\/i0.wp.com\/urica.org\/wp-content\/uploads\/2024\/05\/Florian-Bobin-scaled.jpg?resize=768%2C1024&amp;ssl=1 768w, https:\/\/i0.wp.com\/urica.org\/wp-content\/uploads\/2024\/05\/Florian-Bobin-scaled.jpg?resize=1152%2C1536&amp;ssl=1 1152w, https:\/\/i0.wp.com\/urica.org\/wp-content\/uploads\/2024\/05\/Florian-Bobin-scaled.jpg?resize=1536%2C2048&amp;ssl=1 1536w\" sizes=\"(max-width: 1000px) 100vw, 1000px\" \/><\/div><\/a>\n\t\t\t\t<div class=\"elementor-post__text\">\n\t\t\t\t<h3 class=\"elementor-post__title\">\n\t\t\t<a href=\"https:\/\/urica.org\/index.php\/2024\/05\/29\/cette-si-longue-quete-vie-et-mort-domar-blondin-diop\/\" target=&quot;_blank&quot;>\n\t\t\t\tCette si longue qu\u00eate : Vie et mort d\u2019Omar Blondin Diop\t\t\t<\/a>\n\t\t<\/h3>\n\t\t\t\t<div class=\"elementor-post__excerpt\">\n\t\t\t<p>Conf\u00e9rence de Florian<\/p>\n\t\t<\/div>\n\t\t\n\t\t<a class=\"elementor-post__read-more\" href=\"https:\/\/urica.org\/index.php\/2024\/05\/29\/cette-si-longue-quete-vie-et-mort-domar-blondin-diop\/\" aria-label=\"Read more about Cette si longue qu\u00eate : Vie et mort d\u2019Omar Blondin Diop\" target=\"_blank\">\n\t\t\tVoir +\t\t<\/a>\n\n\t\t\t\t<\/div>\n\t\t\t\t<div class=\"elementor-post__meta-data\">\n\t\t\t\t\t<span class=\"elementor-post-date\">\n\t\t\tmai 29, 2024\t\t<\/span>\n\t\t\t\t<span class=\"elementor-post-avatar\">\n\t\t\tAucun commentaire\t\t<\/span>\n\t\t\t\t<\/div>\n\t\t\t\t\t<\/div>\n\t\t<\/article>\n\t\t\t\t<article class=\"elementor-post elementor-grid-item post-10654 post type-post status-publish format-standard has-post-thumbnail hentry category-conferences category-non-classe\">\n\t\t\t<div class=\"elementor-post__card\">\n\t\t\t\t<a class=\"elementor-post__thumbnail__link\" href=\"https:\/\/urica.org\/index.php\/2023\/12\/07\/anthropology-and-the-black-experience\/\" target=\"_blank\"><div class=\"elementor-post__thumbnail\"><img loading=\"lazy\" decoding=\"async\" width=\"1829\" height=\"2560\" src=\"https:\/\/i0.wp.com\/urica.org\/wp-content\/uploads\/2023\/12\/ULTIME-AFFICHE-scaled.jpg?fit=1829%2C2560&amp;ssl=1\" class=\"attachment-full size-full wp-image-10657\" alt=\"\" srcset=\"https:\/\/i0.wp.com\/urica.org\/wp-content\/uploads\/2023\/12\/ULTIME-AFFICHE-scaled.jpg?w=1829&amp;ssl=1 1829w, https:\/\/i0.wp.com\/urica.org\/wp-content\/uploads\/2023\/12\/ULTIME-AFFICHE-scaled.jpg?resize=214%2C300&amp;ssl=1 214w, https:\/\/i0.wp.com\/urica.org\/wp-content\/uploads\/2023\/12\/ULTIME-AFFICHE-scaled.jpg?resize=731%2C1024&amp;ssl=1 731w, https:\/\/i0.wp.com\/urica.org\/wp-content\/uploads\/2023\/12\/ULTIME-AFFICHE-scaled.jpg?resize=768%2C1075&amp;ssl=1 768w, https:\/\/i0.wp.com\/urica.org\/wp-content\/uploads\/2023\/12\/ULTIME-AFFICHE-scaled.jpg?resize=1097%2C1536&amp;ssl=1 1097w, https:\/\/i0.wp.com\/urica.org\/wp-content\/uploads\/2023\/12\/ULTIME-AFFICHE-scaled.jpg?resize=1463%2C2048&amp;ssl=1 1463w\" sizes=\"(max-width: 1000px) 100vw, 1000px\" \/><\/div><\/a>\n\t\t\t\t<div class=\"elementor-post__text\">\n\t\t\t\t<h3 class=\"elementor-post__title\">\n\t\t\t<a href=\"https:\/\/urica.org\/index.php\/2023\/12\/07\/anthropology-and-the-black-experience\/\" target=&quot;_blank&quot;>\n\t\t\t\tAnthropology and the Black Exp\u00e9rience\t\t\t<\/a>\n\t\t<\/h3>\n\t\t\t\t<div class=\"elementor-post__excerpt\">\n\t\t\t<p>Introduction : L&rsquo;Association<\/p>\n\t\t<\/div>\n\t\t\n\t\t<a class=\"elementor-post__read-more\" href=\"https:\/\/urica.org\/index.php\/2023\/12\/07\/anthropology-and-the-black-experience\/\" aria-label=\"Read more about Anthropology and the Black Exp\u00e9rience\" target=\"_blank\">\n\t\t\tVoir +\t\t<\/a>\n\n\t\t\t\t<\/div>\n\t\t\t\t<div class=\"elementor-post__meta-data\">\n\t\t\t\t\t<span class=\"elementor-post-date\">\n\t\t\td\u00e9cembre 7, 2023\t\t<\/span>\n\t\t\t\t<span class=\"elementor-post-avatar\">\n\t\t\tAucun commentaire\t\t<\/span>\n\t\t\t\t<\/div>\n\t\t\t\t\t<\/div>\n\t\t<\/article>\n\t\t\t\t<article class=\"elementor-post elementor-grid-item post-10584 post type-post status-publish format-standard has-post-thumbnail hentry category-conference-urica category-conferences category-rencontres\">\n\t\t\t<div class=\"elementor-post__card\">\n\t\t\t\t<a class=\"elementor-post__thumbnail__link\" href=\"https:\/\/urica.org\/index.php\/2023\/01\/17\/la-politique-de-lhabitat-en-senegal-1914-1974-2\/\" target=\"_blank\"><div class=\"elementor-post__thumbnail\"><img loading=\"lazy\" decoding=\"async\" width=\"605\" height=\"302\" src=\"https:\/\/i0.wp.com\/urica.org\/wp-content\/uploads\/2023\/01\/album-Talia-_2-3.jpg?fit=605%2C302&amp;ssl=1\" class=\"attachment-full size-full wp-image-10585\" alt=\"\" srcset=\"https:\/\/i0.wp.com\/urica.org\/wp-content\/uploads\/2023\/01\/album-Talia-_2-3.jpg?w=605&amp;ssl=1 605w, https:\/\/i0.wp.com\/urica.org\/wp-content\/uploads\/2023\/01\/album-Talia-_2-3.jpg?resize=300%2C150&amp;ssl=1 300w, https:\/\/i0.wp.com\/urica.org\/wp-content\/uploads\/2023\/01\/album-Talia-_2-3.jpg?resize=200%2C100&amp;ssl=1 200w, https:\/\/i0.wp.com\/urica.org\/wp-content\/uploads\/2023\/01\/album-Talia-_2-3.jpg?resize=400%2C200&amp;ssl=1 400w, https:\/\/i0.wp.com\/urica.org\/wp-content\/uploads\/2023\/01\/album-Talia-_2-3.jpg?resize=600%2C300&amp;ssl=1 600w\" sizes=\"(max-width: 605px) 100vw, 605px\" \/><\/div><\/a>\n\t\t\t\t<div class=\"elementor-post__text\">\n\t\t\t\t<h3 class=\"elementor-post__title\">\n\t\t\t<a href=\"https:\/\/urica.org\/index.php\/2023\/01\/17\/la-politique-de-lhabitat-en-senegal-1914-1974-2\/\" target=&quot;_blank&quot;>\n\t\t\t\tLa Politique de l\u2019Habitat en S\u00e9n\u00e9gal, 1914-1974\t\t\t<\/a>\n\t\t<\/h3>\n\t\t\t\t<div class=\"elementor-post__excerpt\">\n\t\t\t<p>Ma pr\u00e9sentation examine<\/p>\n\t\t<\/div>\n\t\t\n\t\t<a class=\"elementor-post__read-more\" href=\"https:\/\/urica.org\/index.php\/2023\/01\/17\/la-politique-de-lhabitat-en-senegal-1914-1974-2\/\" aria-label=\"Read more about La Politique de l\u2019Habitat en S\u00e9n\u00e9gal, 1914-1974\" target=\"_blank\">\n\t\t\tVoir +\t\t<\/a>\n\n\t\t\t\t<\/div>\n\t\t\t\t<div class=\"elementor-post__meta-data\">\n\t\t\t\t\t<span class=\"elementor-post-date\">\n\t\t\tjanvier 17, 2023\t\t<\/span>\n\t\t\t\t<span class=\"elementor-post-avatar\">\n\t\t\tAucun commentaire\t\t<\/span>\n\t\t\t\t<\/div>\n\t\t\t\t\t<\/div>\n\t\t<\/article>\n\t\t\t\t<\/div>\n\t\t\n\t\t\t\t\t\t<\/div>\n\t\t\t\t<\/div>\n\t\t\t\t\t<\/div>\n\t\t<\/div>\n\t\t\t\t\t<\/div>\n\t\t<\/section>\n\t\t\t\t<section class=\"elementor-section elementor-top-section elementor-element elementor-element-fb5428d elementor-section-content-middle elementor-section-boxed elementor-section-height-default elementor-section-height-default\" data-id=\"fb5428d\" data-element_type=\"section\" data-e-type=\"section\" data-settings=\"{&quot;background_background&quot;:&quot;classic&quot;,&quot;_ha_eqh_enable&quot;:false}\">\n\t\t\t\t\t\t\t<div class=\"elementor-background-overlay\"><\/div>\n\t\t\t\t\t\t\t<div class=\"elementor-container elementor-column-gap-default\">\n\t\t\t\t\t<div class=\"elementor-column elementor-col-100 elementor-top-column elementor-element elementor-element-298dc4f elementor-invisible\" data-id=\"298dc4f\" data-element_type=\"column\" data-e-type=\"column\" data-settings=\"{&quot;animation&quot;:&quot;fadeIn&quot;}\">\n\t\t\t<div class=\"elementor-widget-wrap elementor-element-populated\">\n\t\t\t\t\t\t<div class=\"elementor-element elementor-element-0101f9a elementor-widget elementor-widget-heading\" data-id=\"0101f9a\" data-element_type=\"widget\" data-e-type=\"widget\" data-widget_type=\"heading.default\">\n\t\t\t\t<div class=\"elementor-widget-container\">\n\t\t\t\t\t<h1 class=\"elementor-heading-title elementor-size-default\">CONFERENCES<\/h1>\t\t\t\t<\/div>\n\t\t\t\t<\/div>\n\t\t\t\t\t<\/div>\n\t\t<\/div>\n\t\t\t\t\t<\/div>\n\t\t<\/section>\n\t\t\t\t<section class=\"elementor-section elementor-top-section elementor-element elementor-element-88968e8 elementor-section-boxed elementor-section-height-default elementor-section-height-default\" data-id=\"88968e8\" data-element_type=\"section\" data-e-type=\"section\" data-settings=\"{&quot;background_background&quot;:&quot;classic&quot;,&quot;_ha_eqh_enable&quot;:false}\">\n\t\t\t\t\t\t<div class=\"elementor-container elementor-column-gap-default\">\n\t\t\t\t\t<div class=\"elementor-column elementor-col-100 elementor-top-column elementor-element elementor-element-377aadc\" data-id=\"377aadc\" data-element_type=\"column\" data-e-type=\"column\">\n\t\t\t<div class=\"elementor-widget-wrap elementor-element-populated\">\n\t\t\t\t\t\t<div class=\"elementor-element elementor-element-7423bd9 elementor-grid-1 elementor-grid-tablet-1 elementor-posts--thumbnail-left elementor-grid-mobile-1 elementor-widget elementor-widget-posts\" data-id=\"7423bd9\" data-element_type=\"widget\" data-e-type=\"widget\" data-settings=\"{&quot;classic_columns&quot;:&quot;1&quot;,&quot;classic_columns_tablet&quot;:&quot;1&quot;,&quot;pagination_type&quot;:&quot;numbers&quot;,&quot;classic_columns_mobile&quot;:&quot;1&quot;,&quot;classic_row_gap&quot;:{&quot;unit&quot;:&quot;px&quot;,&quot;size&quot;:35,&quot;sizes&quot;:[]},&quot;classic_row_gap_tablet&quot;:{&quot;unit&quot;:&quot;px&quot;,&quot;size&quot;:&quot;&quot;,&quot;sizes&quot;:[]},&quot;classic_row_gap_mobile&quot;:{&quot;unit&quot;:&quot;px&quot;,&quot;size&quot;:&quot;&quot;,&quot;sizes&quot;:[]}}\" data-widget_type=\"posts.classic\">\n\t\t\t\t<div class=\"elementor-widget-container\">\n\t\t\t\t\t\t\t<div class=\"elementor-posts-container elementor-posts elementor-posts--skin-classic elementor-grid\">\n\t\t\t\t<article class=\"elementor-post elementor-grid-item post-10760 post type-post status-publish format-standard has-post-thumbnail hentry category-conference-urica category-conferences\">\n\t\t\t\t<a class=\"elementor-post__thumbnail__link\" href=\"https:\/\/urica.org\/index.php\/2025\/07\/10\/imagination-historique-et-projections-sur-lavenir-mobilite-et-tourisme-noir-a-dakar-senegal\/\" >\n\t\t\t<div class=\"elementor-post__thumbnail\"><img fetchpriority=\"high\" decoding=\"async\" width=\"1587\" height=\"2245\" src=\"https:\/\/i0.wp.com\/urica.org\/wp-content\/uploads\/2025\/07\/bresil_1.jpg?fit=1587%2C2245&amp;ssl=1\" class=\"attachment-full size-full wp-image-10761\" alt=\"\" srcset=\"https:\/\/i0.wp.com\/urica.org\/wp-content\/uploads\/2025\/07\/bresil_1.jpg?w=1587&amp;ssl=1 1587w, https:\/\/i0.wp.com\/urica.org\/wp-content\/uploads\/2025\/07\/bresil_1.jpg?resize=212%2C300&amp;ssl=1 212w, https:\/\/i0.wp.com\/urica.org\/wp-content\/uploads\/2025\/07\/bresil_1.jpg?resize=724%2C1024&amp;ssl=1 724w, https:\/\/i0.wp.com\/urica.org\/wp-content\/uploads\/2025\/07\/bresil_1.jpg?resize=768%2C1086&amp;ssl=1 768w, https:\/\/i0.wp.com\/urica.org\/wp-content\/uploads\/2025\/07\/bresil_1.jpg?resize=1086%2C1536&amp;ssl=1 1086w, https:\/\/i0.wp.com\/urica.org\/wp-content\/uploads\/2025\/07\/bresil_1.jpg?resize=1448%2C2048&amp;ssl=1 1448w\" sizes=\"(max-width: 1000px) 100vw, 1000px\" \/><\/div>\n\t\t<\/a>\n\t\t\t\t<div class=\"elementor-post__text\">\n\t\t\t\t<h3 class=\"elementor-post__title\">\n\t\t\t<a href=\"https:\/\/urica.org\/index.php\/2025\/07\/10\/imagination-historique-et-projections-sur-lavenir-mobilite-et-tourisme-noir-a-dakar-senegal\/\" >\n\t\t\t\tImagination historique et projections sur l\u2019avenir : mobilit\u00e9 et tourisme noir \u00e0 Dakar, S\u00e9n\u00e9gal\t\t\t<\/a>\n\t\t<\/h3>\n\t\t\t\t<div class=\"elementor-post__meta-data\">\n\t\t\t\t\t<span class=\"elementor-post-date\">\n\t\t\tjuillet 10, 2025\t\t<\/span>\n\t\t\t\t<\/div>\n\t\t\t\t<div class=\"elementor-post__excerpt\">\n\t\t\t<p>L\u2019Unit\u00e9 de Recherche en Ing\u00e9nierie Culturelle et en Anthropologie, dans le cadre de ses activit\u00e9s d\u2019animation scientifique organise de mani\u00e8re ponctuelle des conf\u00e9rences sur diverses th\u00e9matiques des sciences humaines et sociales. Nous avons le plaisir de vous convier \u00e0 la prochaine conf\u00e9rence,\u00a0le\u00a0vendredi 11 juillet \u00e0 partir\u00a0de 10h\u00a030, sur\u00a0\u00ab Imagination historique et projections sur l\u2019avenir : mobilit\u00e9 et tourisme noir \u00e0<\/p>\n\t\t<\/div>\n\t\t\n\t\t<a class=\"elementor-post__read-more\" href=\"https:\/\/urica.org\/index.php\/2025\/07\/10\/imagination-historique-et-projections-sur-lavenir-mobilite-et-tourisme-noir-a-dakar-senegal\/\" aria-label=\"Read more about Imagination historique et projections sur l\u2019avenir : mobilit\u00e9 et tourisme noir \u00e0 Dakar, S\u00e9n\u00e9gal\" >\n\t\t\tVoir + \t\t<\/a>\n\n\t\t\t\t<\/div>\n\t\t\t\t<\/article>\n\t\t\t\t<article class=\"elementor-post elementor-grid-item post-10757 post type-post status-publish format-standard has-post-thumbnail hentry category-conference-urica category-conferences\">\n\t\t\t\t<a class=\"elementor-post__thumbnail__link\" href=\"https:\/\/urica.org\/index.php\/2025\/07\/09\/representer-les-memoires-traumatiques-par-la-co-creation-narration-ethique-et-engagement-communautaire-dans-all-equal-et-usawa\/\" >\n\t\t\t<div class=\"elementor-post__thumbnail\"><img decoding=\"async\" width=\"1587\" height=\"2245\" src=\"https:\/\/i0.wp.com\/urica.org\/wp-content\/uploads\/2025\/07\/bresil.jpg?fit=1587%2C2245&amp;ssl=1\" class=\"attachment-full size-full wp-image-10758\" alt=\"\" srcset=\"https:\/\/i0.wp.com\/urica.org\/wp-content\/uploads\/2025\/07\/bresil.jpg?w=1587&amp;ssl=1 1587w, https:\/\/i0.wp.com\/urica.org\/wp-content\/uploads\/2025\/07\/bresil.jpg?resize=212%2C300&amp;ssl=1 212w, https:\/\/i0.wp.com\/urica.org\/wp-content\/uploads\/2025\/07\/bresil.jpg?resize=724%2C1024&amp;ssl=1 724w, https:\/\/i0.wp.com\/urica.org\/wp-content\/uploads\/2025\/07\/bresil.jpg?resize=768%2C1086&amp;ssl=1 768w, https:\/\/i0.wp.com\/urica.org\/wp-content\/uploads\/2025\/07\/bresil.jpg?resize=1086%2C1536&amp;ssl=1 1086w, https:\/\/i0.wp.com\/urica.org\/wp-content\/uploads\/2025\/07\/bresil.jpg?resize=1448%2C2048&amp;ssl=1 1448w\" sizes=\"(max-width: 1000px) 100vw, 1000px\" \/><\/div>\n\t\t<\/a>\n\t\t\t\t<div class=\"elementor-post__text\">\n\t\t\t\t<h3 class=\"elementor-post__title\">\n\t\t\t<a href=\"https:\/\/urica.org\/index.php\/2025\/07\/09\/representer-les-memoires-traumatiques-par-la-co-creation-narration-ethique-et-engagement-communautaire-dans-all-equal-et-usawa\/\" >\n\t\t\t\tRepr\u00e9senter les m\u00e9moires traumatiques par la co-cr\u00e9ation : narration \u00e9thique et engagement communautaire dans All Equal ! et USAWA\t\t\t<\/a>\n\t\t<\/h3>\n\t\t\t\t<div class=\"elementor-post__meta-data\">\n\t\t\t\t\t<span class=\"elementor-post-date\">\n\t\t\tjuillet 9, 2025\t\t<\/span>\n\t\t\t\t<\/div>\n\t\t\t\t<div class=\"elementor-post__excerpt\">\n\t\t\t<p>L\u2019histoire publique num\u00e9rique offre des moyens innovants d\u2019aborder les pass\u00e9s douloureux en collaboration avec les communaut\u00e9s concern\u00e9es. Cette pr\u00e9sentation utilise le film d\u2019animation\u00a0All Equal!\u00a0et le jeu vid\u00e9o\u00a0USAWA\u00a0comme \u00e9tude de cas pour explorer les d\u00e9fis \u00e9thiques li\u00e9s \u00e0 la co-production de r\u00e9cits historiques autour de l\u2019esclavage et de l\u2019exclusion sociale. Le film et le jeu vid\u00e9o donnent la parole \u00e0 des<\/p>\n\t\t<\/div>\n\t\t\n\t\t<a class=\"elementor-post__read-more\" href=\"https:\/\/urica.org\/index.php\/2025\/07\/09\/representer-les-memoires-traumatiques-par-la-co-creation-narration-ethique-et-engagement-communautaire-dans-all-equal-et-usawa\/\" aria-label=\"Read more about Repr\u00e9senter les m\u00e9moires traumatiques par la co-cr\u00e9ation : narration \u00e9thique et engagement communautaire dans All Equal ! et USAWA\" >\n\t\t\tVoir + \t\t<\/a>\n\n\t\t\t\t<\/div>\n\t\t\t\t<\/article>\n\t\t\t\t<article class=\"elementor-post elementor-grid-item post-10731 post type-post status-publish format-standard has-post-thumbnail hentry category-conference-urica category-conferences category-rencontres\">\n\t\t\t\t<a class=\"elementor-post__thumbnail__link\" href=\"https:\/\/urica.org\/index.php\/2024\/11\/26\/larcheologie-de-la-perception\/\" >\n\t\t\t<div class=\"elementor-post__thumbnail\"><img decoding=\"async\" width=\"544\" height=\"435\" src=\"https:\/\/i0.wp.com\/urica.org\/wp-content\/uploads\/2024\/11\/xscape.jpg?fit=544%2C435&amp;ssl=1\" class=\"attachment-full size-full wp-image-10732\" alt=\"\" srcset=\"https:\/\/i0.wp.com\/urica.org\/wp-content\/uploads\/2024\/11\/xscape.jpg?w=544&amp;ssl=1 544w, https:\/\/i0.wp.com\/urica.org\/wp-content\/uploads\/2024\/11\/xscape.jpg?resize=300%2C240&amp;ssl=1 300w\" sizes=\"(max-width: 544px) 100vw, 544px\" \/><\/div>\n\t\t<\/a>\n\t\t\t\t<div class=\"elementor-post__text\">\n\t\t\t\t<h3 class=\"elementor-post__title\">\n\t\t\t<a href=\"https:\/\/urica.org\/index.php\/2024\/11\/26\/larcheologie-de-la-perception\/\" >\n\t\t\t\tL&rsquo;ARCHEOLOGIE DE LA PERCEPTION\t\t\t<\/a>\n\t\t<\/h3>\n\t\t\t\t<div class=\"elementor-post__meta-data\">\n\t\t\t\t\t<span class=\"elementor-post-date\">\n\t\t\tnovembre 26, 2024\t\t<\/span>\n\t\t\t\t<\/div>\n\t\t\t\t<div class=\"elementor-post__excerpt\">\n\t\t\t<p>L&rsquo;Ambassade d&rsquo;Espagne au S\u00e9n\u00e9gal accueille la chercheuse Maria Silva-Gago pour la tenue de\u00a0la conf\u00e9rence \u00ab\u00a0Arch\u00e9ologie de la perception. Approches de la cognition pass\u00e9e \u00e0 travers la culture mat\u00e9rielle\u00a0\u00bb,\u00a0le prochain\u00a0vendredi 29 novembre \u00e0 17h, \u00e0 l&rsquo;IFAN. Ce sera l&rsquo;occasion pour elle de nous pr\u00e9senter le projet XSCAPE, qui \u00e9tudie la fa\u00e7on dont les objets, \u00e0 travers des stimulations perceptuelles qu\u2019ils produisent<\/p>\n\t\t<\/div>\n\t\t\n\t\t<a class=\"elementor-post__read-more\" href=\"https:\/\/urica.org\/index.php\/2024\/11\/26\/larcheologie-de-la-perception\/\" aria-label=\"Read more about L&rsquo;ARCHEOLOGIE DE LA PERCEPTION\" >\n\t\t\tVoir + \t\t<\/a>\n\n\t\t\t\t<\/div>\n\t\t\t\t<\/article>\n\t\t\t\t<article class=\"elementor-post elementor-grid-item post-10720 post type-post status-publish format-standard has-post-thumbnail hentry category-conference-urica category-conferences category-rencontres\">\n\t\t\t\t<a class=\"elementor-post__thumbnail__link\" href=\"https:\/\/urica.org\/index.php\/2024\/10\/31\/re-decoloniser-lafrique\/\" >\n\t\t\t<div class=\"elementor-post__thumbnail\"><img loading=\"lazy\" decoding=\"async\" width=\"1920\" height=\"2560\" src=\"https:\/\/i0.wp.com\/urica.org\/wp-content\/uploads\/2024\/10\/Dr-Hady-Ba--scaled.jpg?fit=1920%2C2560&amp;ssl=1\" class=\"attachment-full size-full wp-image-10721\" alt=\"\" srcset=\"https:\/\/i0.wp.com\/urica.org\/wp-content\/uploads\/2024\/10\/Dr-Hady-Ba--scaled.jpg?w=1920&amp;ssl=1 1920w, https:\/\/i0.wp.com\/urica.org\/wp-content\/uploads\/2024\/10\/Dr-Hady-Ba--scaled.jpg?resize=225%2C300&amp;ssl=1 225w, https:\/\/i0.wp.com\/urica.org\/wp-content\/uploads\/2024\/10\/Dr-Hady-Ba--scaled.jpg?resize=768%2C1024&amp;ssl=1 768w, https:\/\/i0.wp.com\/urica.org\/wp-content\/uploads\/2024\/10\/Dr-Hady-Ba--scaled.jpg?resize=1152%2C1536&amp;ssl=1 1152w, https:\/\/i0.wp.com\/urica.org\/wp-content\/uploads\/2024\/10\/Dr-Hady-Ba--scaled.jpg?resize=1536%2C2048&amp;ssl=1 1536w\" sizes=\"(max-width: 1000px) 100vw, 1000px\" \/><\/div>\n\t\t<\/a>\n\t\t\t\t<div class=\"elementor-post__text\">\n\t\t\t\t<h3 class=\"elementor-post__title\">\n\t\t\t<a href=\"https:\/\/urica.org\/index.php\/2024\/10\/31\/re-decoloniser-lafrique\/\" >\n\t\t\t\t\u00a0Re-d\u00e9coloniser l\u2019Afrique\t\t\t<\/a>\n\t\t<\/h3>\n\t\t\t\t<div class=\"elementor-post__meta-data\">\n\t\t\t\t\t<span class=\"elementor-post-date\">\n\t\t\toctobre 31, 2024\t\t<\/span>\n\t\t\t\t<\/div>\n\t\t\t\t<div class=\"elementor-post__excerpt\">\n\t\t\t<p>Nous avons le plaisir de vous convier \u00e0 la prochaine conf\u00e9rence que l\u2019URICA organise le mercredi 28 ao\u00fbt \u00e0 partir de 10h 30 (Salle de conf\u00e9rence de l\u2019URICA, b\u00e2timent annexe de l\u2019IFAN, 33 route de la corniche). Cette conf\u00e9rence intitul\u00e9e\u00a0\u00ab\u00a0Re-d\u00e9coloniser l\u2019Afrique \u00bb sera anim\u00e9e par Dr. Hady Ba, enseignant-chercheur en Philosophie \u00e0 la FASTEF de l\u2019Universit\u00e9 Cheikh Anta Diop de<\/p>\n\t\t<\/div>\n\t\t\n\t\t<a class=\"elementor-post__read-more\" href=\"https:\/\/urica.org\/index.php\/2024\/10\/31\/re-decoloniser-lafrique\/\" aria-label=\"Read more about \u00a0Re-d\u00e9coloniser l\u2019Afrique\" >\n\t\t\tVoir + \t\t<\/a>\n\n\t\t\t\t<\/div>\n\t\t\t\t<\/article>\n\t\t\t\t<article class=\"elementor-post elementor-grid-item post-10716 post type-post status-publish format-standard has-post-thumbnail hentry category-conference-urica category-conferences category-rencontres\">\n\t\t\t\t<a class=\"elementor-post__thumbnail__link\" href=\"https:\/\/urica.org\/index.php\/2024\/08\/03\/broken-genealogy-la-tradition-panafricaine-des-etudes-africaines\/\" >\n\t\t\t<div class=\"elementor-post__thumbnail\"><img loading=\"lazy\" decoding=\"async\" width=\"1809\" height=\"2560\" src=\"https:\/\/i0.wp.com\/urica.org\/wp-content\/uploads\/2024\/08\/Florian-Bobin1111-scaled.jpg?fit=1809%2C2560&amp;ssl=1\" class=\"attachment-full size-full wp-image-10717\" alt=\"\" srcset=\"https:\/\/i0.wp.com\/urica.org\/wp-content\/uploads\/2024\/08\/Florian-Bobin1111-scaled.jpg?w=1809&amp;ssl=1 1809w, https:\/\/i0.wp.com\/urica.org\/wp-content\/uploads\/2024\/08\/Florian-Bobin1111-scaled.jpg?resize=212%2C300&amp;ssl=1 212w, https:\/\/i0.wp.com\/urica.org\/wp-content\/uploads\/2024\/08\/Florian-Bobin1111-scaled.jpg?resize=724%2C1024&amp;ssl=1 724w, https:\/\/i0.wp.com\/urica.org\/wp-content\/uploads\/2024\/08\/Florian-Bobin1111-scaled.jpg?resize=768%2C1087&amp;ssl=1 768w, https:\/\/i0.wp.com\/urica.org\/wp-content\/uploads\/2024\/08\/Florian-Bobin1111-scaled.jpg?resize=1086%2C1536&amp;ssl=1 1086w, https:\/\/i0.wp.com\/urica.org\/wp-content\/uploads\/2024\/08\/Florian-Bobin1111-scaled.jpg?resize=1447%2C2048&amp;ssl=1 1447w\" sizes=\"(max-width: 1000px) 100vw, 1000px\" \/><\/div>\n\t\t<\/a>\n\t\t\t\t<div class=\"elementor-post__text\">\n\t\t\t\t<h3 class=\"elementor-post__title\">\n\t\t\t<a href=\"https:\/\/urica.org\/index.php\/2024\/08\/03\/broken-genealogy-la-tradition-panafricaine-des-etudes-africaines\/\" >\n\t\t\t\t\u00ab \u2018Broken Genealogy ?\u2019 : La tradition panafricaine des \u00e9tudes africaines \u00bb\t\t\t<\/a>\n\t\t<\/h3>\n\t\t\t\t<div class=\"elementor-post__meta-data\">\n\t\t\t\t\t<span class=\"elementor-post-date\">\n\t\t\tao\u00fbt 3, 2024\t\t<\/span>\n\t\t\t\t<\/div>\n\t\t\t\t<div class=\"elementor-post__excerpt\">\n\t\t\t<p>Les \u00e9tudes africaines d\u00e9signent aujourd\u2019hui un vaste champ d\u2019enseignement et de recherche au sein duquel cohabitent plusieurs programmes et paradigmes forg\u00e9s de part et d\u2019autre de l\u2019Atlantique. S\u2019il est vrai que l\u2019institutionnalisation du champ est \u00e0 situer aux \u00c9tats-Unis, les efforts d\u00e9ploy\u00e9s par une g\u00e9n\u00e9ration d\u2019intellectuels et militants noirs \u2013 W. E. B. Du Bois, Kwame Nkrumah, John Henrik Clarke<\/p>\n\t\t<\/div>\n\t\t\n\t\t<a class=\"elementor-post__read-more\" href=\"https:\/\/urica.org\/index.php\/2024\/08\/03\/broken-genealogy-la-tradition-panafricaine-des-etudes-africaines\/\" aria-label=\"Read more about \u00ab \u2018Broken Genealogy ?\u2019 : La tradition panafricaine des \u00e9tudes africaines \u00bb\" >\n\t\t\tVoir + \t\t<\/a>\n\n\t\t\t\t<\/div>\n\t\t\t\t<\/article>\n\t\t\t\t<article class=\"elementor-post elementor-grid-item post-10707 post type-post status-publish format-standard has-post-thumbnail hentry category-conference-urica category-conferences\">\n\t\t\t\t<a class=\"elementor-post__thumbnail__link\" href=\"https:\/\/urica.org\/index.php\/2024\/05\/29\/cette-si-longue-quete-vie-et-mort-domar-blondin-diop\/\" >\n\t\t\t<div class=\"elementor-post__thumbnail\"><img loading=\"lazy\" decoding=\"async\" width=\"1920\" height=\"2560\" src=\"https:\/\/i0.wp.com\/urica.org\/wp-content\/uploads\/2024\/05\/Florian-Bobin-scaled.jpg?fit=1920%2C2560&amp;ssl=1\" class=\"attachment-full size-full wp-image-10708\" alt=\"\" srcset=\"https:\/\/i0.wp.com\/urica.org\/wp-content\/uploads\/2024\/05\/Florian-Bobin-scaled.jpg?w=1920&amp;ssl=1 1920w, https:\/\/i0.wp.com\/urica.org\/wp-content\/uploads\/2024\/05\/Florian-Bobin-scaled.jpg?resize=225%2C300&amp;ssl=1 225w, https:\/\/i0.wp.com\/urica.org\/wp-content\/uploads\/2024\/05\/Florian-Bobin-scaled.jpg?resize=768%2C1024&amp;ssl=1 768w, https:\/\/i0.wp.com\/urica.org\/wp-content\/uploads\/2024\/05\/Florian-Bobin-scaled.jpg?resize=1152%2C1536&amp;ssl=1 1152w, https:\/\/i0.wp.com\/urica.org\/wp-content\/uploads\/2024\/05\/Florian-Bobin-scaled.jpg?resize=1536%2C2048&amp;ssl=1 1536w\" sizes=\"(max-width: 1000px) 100vw, 1000px\" \/><\/div>\n\t\t<\/a>\n\t\t\t\t<div class=\"elementor-post__text\">\n\t\t\t\t<h3 class=\"elementor-post__title\">\n\t\t\t<a href=\"https:\/\/urica.org\/index.php\/2024\/05\/29\/cette-si-longue-quete-vie-et-mort-domar-blondin-diop\/\" >\n\t\t\t\tCette si longue qu\u00eate : Vie et mort d\u2019Omar Blondin Diop\t\t\t<\/a>\n\t\t<\/h3>\n\t\t\t\t<div class=\"elementor-post__meta-data\">\n\t\t\t\t\t<span class=\"elementor-post-date\">\n\t\t\tmai 29, 2024\t\t<\/span>\n\t\t\t\t<\/div>\n\t\t\t\t<div class=\"elementor-post__excerpt\">\n\t\t\t<p>Conf\u00e9rence de Florian Bobin (\u00e9tudiant-chercheur en Histoire \u00e0 l\u2019Universit\u00e9 Cheikh Anta Diop. Ses recherches explorent la construction de la violence d\u2019\u00c9tat et les formes de r\u00e9sistance dans le S\u00e9n\u00e9gal post-colonial. Elles abordent des th\u00e8mes tels que le n\u00e9ocolonialisme fran\u00e7ais en Afrique, la formation de la nation apr\u00e8s l\u2019ind\u00e9pendance, ainsi que les mouvements r\u00e9volutionnaires panafricanistes, anti-imp\u00e9rialistes et de gauche.<\/p>\n\t\t<\/div>\n\t\t\n\t\t<a class=\"elementor-post__read-more\" href=\"https:\/\/urica.org\/index.php\/2024\/05\/29\/cette-si-longue-quete-vie-et-mort-domar-blondin-diop\/\" aria-label=\"Read more about Cette si longue qu\u00eate : Vie et mort d\u2019Omar Blondin Diop\" >\n\t\t\tVoir + \t\t<\/a>\n\n\t\t\t\t<\/div>\n\t\t\t\t<\/article>\n\t\t\t\t<\/div>\n\t\t\n\t\t\t\t<div class=\"e-load-more-anchor\" data-page=\"1\" data-max-page=\"2\" data-next-page=\"https:\/\/urica.org\/index.php\/wp-json\/wp\/v2\/pages\/10423\/page\/2\/\"><\/div>\n\t\t\t\t<nav class=\"elementor-pagination\" aria-label=\"Pagination\">\n\t\t\t<span aria-current=\"page\" class=\"page-numbers current\"><span class=\"elementor-screen-only\">Page<\/span>1<\/span>\n<a class=\"page-numbers\" href=\"https:\/\/urica.org\/index.php\/wp-json\/wp\/v2\/pages\/10423\/page\/2\/\"><span class=\"elementor-screen-only\">Page<\/span>2<\/a>\t\t<\/nav>\n\t\t\t\t\t\t<\/div>\n\t\t\t\t<\/div>\n\t\t\t\t\t<\/div>\n\t\t<\/div>\n\t\t\t\t\t<\/div>\n\t\t<\/section>\n\t\t\t\t<\/div>\n\t\t","protected":false},"excerpt":{"rendered":"<p>CONFERENCES<\/p>\n","protected":false},"author":1,"featured_media":0,"parent":0,"menu_order":0,"comment_status":"closed","ping_status":"closed","template":"","meta":{"footnotes":""},"class_list":["post-10423","page","type-page","status-publish","hentry"],"jetpack_sharing_enabled":true,"_links":{"self":[{"href":"https:\/\/urica.org\/index.php\/wp-json\/wp\/v2\/pages\/10423","targetHints":{"allow":["GET"]}}],"collection":[{"href":"https:\/\/urica.org\/index.php\/wp-json\/wp\/v2\/pages"}],"about":[{"href":"https:\/\/urica.org\/index.php\/wp-json\/wp\/v2\/types\/page"}],"author":[{"embeddable":true,"href":"https:\/\/urica.org\/index.php\/wp-json\/wp\/v2\/users\/1"}],"replies":[{"embeddable":true,"href":"https:\/\/urica.org\/index.php\/wp-json\/wp\/v2\/comments?post=10423"}],"version-history":[{"count":7,"href":"https:\/\/urica.org\/index.php\/wp-json\/wp\/v2\/pages\/10423\/revisions"}],"predecessor-version":[{"id":10517,"href":"https:\/\/urica.org\/index.php\/wp-json\/wp\/v2\/pages\/10423\/revisions\/10517"}],"wp:attachment":[{"href":"https:\/\/urica.org\/index.php\/wp-json\/wp\/v2\/media?parent=10423"}],"curies":[{"name":"wp","href":"https:\/\/api.w.org\/{rel}","templated":true}]}}